{"id":261,"date":"2018-01-27T16:54:52","date_gmt":"2018-01-27T22:54:52","guid":{"rendered":"https:\/\/femexrobotica.org\/tmr2020\/?page_id=261"},"modified":"2023-11-06T10:40:59","modified_gmt":"2023-11-06T16:40:59","slug":"comite_ejecutivo","status":"publish","type":"page","link":"https:\/\/www.femexrobotica.org\/tmr2020\/comite_ejecutivo\/","title":{"rendered":"COMIT\u00c9 EJECUTIVO"},"content":{"rendered":"<h1 style=\"text-align: center;\"><strong>COMIT\u00c9 EJECUTIVO<\/strong><\/h1>\n<div class=\"vc_row wpb_row vc_row-fluid\">\n<div class=\"wpb_column vc_column_container vc_col-sm-6\">\n<div class=\"vc_column-inner \">\n<div class=\"wpb_wrapper\">\n<div  class=\"wpb_single_image wpb_content_element vc_align_left\">\n<figure class=\"wpb_wrapper vc_figure\">\n<div class=\"vc_single_image-wrapper vc_box_shadow_3d  vc_box_border_grey\"><img decoding=\"async\" width=\"800\" height=\"481\" src=\"https:\/\/www.femexrobotica.org\/tmr2020\/wp-content\/uploads\/2018\/01\/robotica2-1024x616.jpg\" class=\"vc_single_image-img attachment-large\" alt=\"\" loading=\"lazy\" srcset=\"https:\/\/www.femexrobotica.org\/tmr2020\/wp-content\/uploads\/2018\/01\/robotica2-1024x616.jpg 1024w, https:\/\/www.femexrobotica.org\/tmr2020\/wp-content\/uploads\/2018\/01\/robotica2-300x181.jpg 300w, https:\/\/www.femexrobotica.org\/tmr2020\/wp-content\/uploads\/2018\/01\/robotica2-768x462.jpg 768w, https:\/\/www.femexrobotica.org\/tmr2020\/wp-content\/uploads\/2018\/01\/robotica2.jpg 1200w\" sizes=\"auto, (max-width: 800px) 100vw, 800px\" \/><\/div>\n<\/figure><\/div>\n<\/div>\n<\/div>\n<\/div>\n<div class=\"wpb_column vc_column_container vc_col-sm-6\">\n<div class=\"vc_column-inner \">\n<div class=\"wpb_wrapper\">\n<div class=\"wpb_text_column wpb_content_element \" >\n<div class=\"wpb_wrapper\">\n<p><strong>Presidente del comit\u00e9 organizador local<\/strong><\/p>\n<ul>\n<li>Joaqu\u00edn Campos Hidalgo<\/li>\n<\/ul>\n<p><strong>Coordinaci\u00f3n de log\u00edstica \/ staff y voluntarios<\/strong><\/p>\n<ul>\n<li>Mar\u00eda Rub\u00ed Forte Celaya&nbsp; \/ Mar\u00eda Jos\u00e9 Guti\u00e9rrez Mart\u00ednez de Castro<\/li>\n<\/ul>\n<p><strong>Coordinaci\u00f3n de responsables locales de categor\u00edas<\/strong><\/p>\n<ul>\n<li>Adri\u00e1n Eduardo Rend\u00f3n Nava \/Oscar Eleno Carbajal Espinosa<\/li>\n<\/ul>\n<p><strong>Coordinaci\u00f3n de patrocinios<\/strong><\/p>\n<ul>\n<li>Jos\u00e9 Manuel Nieto Jalil<\/li>\n<\/ul>\n<p><strong>Coordinaci\u00f3n de registro en sede y sitio web<\/strong><\/p>\n<ul>\n<li>Mar\u00eda Jos\u00e9 Guti\u00e9rrez Mart\u00ednez de Castro \/ Martha Ivette Estrada Su\u00e1rez<\/li>\n<\/ul>\n<p><strong>Coordinaci\u00f3n de prensa e informaci\u00f3n<\/strong><\/p>\n<ul>\n<li>Mar\u00eda Rub\u00ed Forte Celaya<\/li>\n<\/ul>\n<p><strong>Coordinaci\u00f3n de hospitalidad<\/strong><\/p>\n<ul>\n<li>Mar\u00eda Rub\u00ed Forte Celaya<\/li>\n<\/ul>\n<p><strong>&nbsp;<\/strong><\/p>\n<\/p><\/div><\/div>\n<\/div>\n<\/div>\n<\/div>\n<\/div>\n<div class=\"vc_row wpb_row vc_row-fluid\">\n<div class=\"wpb_column vc_column_container vc_col-sm-12\">\n<div class=\"vc_column-inner \">\n<div class=\"wpb_wrapper\">\n<div class=\"vc_empty_space\"   style=\"height: 70px\" ><span class=\"vc_empty_space_inner\"><\/span><\/div>\n<\/div>\n<\/div>\n<\/div>\n<\/div>\n","protected":false},"excerpt":{"rendered":"<p>COMIT\u00c9 EJECUTIVO Presidente del comit\u00e9 organizador local Joaqu\u00edn Campos Hidalgo Coordinaci\u00f3n de log\u00edstica \/ staff y voluntarios Mar\u00eda Rub\u00ed Forte Celaya&nbsp; \/ Mar\u00eda Jos\u00e9 Guti\u00e9rrez Mart\u00ednez de Castro Coordinaci\u00f3n de responsables locales de categor\u00edas Adri\u00e1n Eduardo Rend\u00f3n Nava \/Oscar Eleno [&hellip;]<\/p>\n","protected":false},"author":6,"featured_media":0,"parent":0,"menu_order":0,"comment_status":"closed","ping_status":"closed","template":"","meta":{"ngg_post_thumbnail":0,"footnotes":""},"class_list":["post-261","page","type-page","status-publish","hentry"],"_links":{"self":[{"href":"https:\/\/www.femexrobotica.org\/tmr2020\/wp-json\/wp\/v2\/pages\/261","targetHints":{"allow":["GET"]}}],"collection":[{"href":"https:\/\/www.femexrobotica.org\/tmr2020\/wp-json\/wp\/v2\/pages"}],"about":[{"href":"https:\/\/www.femexrobotica.org\/tmr2020\/wp-json\/wp\/v2\/types\/page"}],"author":[{"embeddable":true,"href":"https:\/\/www.femexrobotica.org\/tmr2020\/wp-json\/wp\/v2\/users\/6"}],"replies":[{"embeddable":true,"href":"https:\/\/www.femexrobotica.org\/tmr2020\/wp-json\/wp\/v2\/comments?post=261"}],"version-history":[{"count":20,"href":"https:\/\/www.femexrobotica.org\/tmr2020\/wp-json\/wp\/v2\/pages\/261\/revisions"}],"predecessor-version":[{"id":4055,"href":"https:\/\/www.femexrobotica.org\/tmr2020\/wp-json\/wp\/v2\/pages\/261\/revisions\/4055"}],"wp:attachment":[{"href":"https:\/\/www.femexrobotica.org\/tmr2020\/wp-json\/wp\/v2\/media?parent=261"}],"curies":[{"name":"wp","href":"https:\/\/api.w.org\/{rel}","templated":true}]}}