{"id":16,"date":"2016-11-15T02:58:48","date_gmt":"2016-11-15T02:58:48","guid":{"rendered":"http:\/\/www.femexrobotica.org\/tmr2017\/?page_id=16"},"modified":"2017-01-15T12:42:45","modified_gmt":"2017-01-15T18:42:45","slug":"comite-organizador-local","status":"publish","type":"page","link":"https:\/\/www.femexrobotica.org\/tmr2017\/comite-organizador-local\/","title":{"rendered":"Comit\u00e9 Organizador Local"},"content":{"rendered":"<h2>Comit\u00e9 Organizador Local<\/h2>\n<h3>Comit\u00e9\u00a0Directivo<\/h3>\n<p style=\"margin: 0cm; margin-bottom: .0001pt; font-variant-ligatures: normal; font-variant-caps: normal; orphans: 2; text-align: start; widows: 2; -webkit-text-stroke-width: 0px; word-spacing: 0px;\">Lic.\u00a0Marco Aurelio Gonz\u00e1lez Cervantes, Director General<\/p>\n<p style=\"margin: 0cm; margin-bottom: .0001pt; font-variant-ligatures: normal; font-variant-caps: normal; orphans: 2; text-align: start; widows: 2; -webkit-text-stroke-width: 0px; word-spacing: 0px;\">MDH. Jos\u00e9 Manuel Noriega Giron\u00e9s, Director de Preparatoria<\/p>\n<p style=\"margin: 0cm; margin-bottom: .0001pt; font-variant-ligatures: normal; font-variant-caps: normal; orphans: 2; text-align: start; widows: 2; -webkit-text-stroke-width: 0px; word-spacing: 0px;\">Prof. Gerardo Manuel Jim\u00e9nez Alonso, Director de Secundaria Matutina<\/p>\n<p style=\"margin: 0cm; margin-bottom: .0001pt; font-variant-ligatures: normal; font-variant-caps: normal; orphans: 2; text-align: start; widows: 2; -webkit-text-stroke-width: 0px; word-spacing: 0px;\">Prof. Isaac S\u00e1nchez Medina, Director de Secundaria Vespertina<\/p>\n<p style=\"margin: 0cm; margin-bottom: .0001pt; font-variant-ligatures: normal; font-variant-caps: normal; orphans: 2; text-align: start; widows: 2; -webkit-text-stroke-width: 0px; word-spacing: 0px;\">Lic. Andr\u00e9s Anaya Mar\u00edn, Director de Primaria<\/p>\n<p style=\"margin: 0cm; margin-bottom: .0001pt; font-variant-ligatures: normal; font-variant-caps: normal; orphans: 2; text-align: start; widows: 2; -webkit-text-stroke-width: 0px; word-spacing: 0px;\">Lic. Laura Estela Mu\u00f1oz Garc\u00eda, Directora de Preescolar<\/p>\n<p>&nbsp;<\/p>\n<h3>Comit\u00e9 Ejecutivo<\/h3>\n<p><strong>Presidenta<\/strong><\/p>\n<p style=\"margin: 0cm; margin-bottom: .0001pt; font-variant-ligatures: normal; font-variant-caps: normal; orphans: 2; text-align: start; widows: 2; -webkit-text-stroke-width: 0px; word-spacing: 0px;\">Lic. Luc\u00eda Uribe Arredondo, Coordinadora de Rob\u00f3tica en\u00a0Secundaria y Preparatoria<\/p>\n<h3><\/h3>\n<p style=\"margin: 0cm; margin-bottom: .0001pt; font-variant-ligatures: normal; font-variant-caps: normal; orphans: 2; text-align: start; widows: 2; -webkit-text-stroke-width: 0px; word-spacing: 0px;\"><strong>Colaboradores<\/strong><\/p>\n<p style=\"margin: 0cm; margin-bottom: .0001pt; font-variant-ligatures: normal; font-variant-caps: normal; orphans: 2; text-align: start; widows: 2; -webkit-text-stroke-width: 0px; word-spacing: 0px;\">Prof. Pedro Antonio Mu\u00f1oz Aguilar, Subdirector de Preparatoria<\/p>\n<p style=\"margin: 0cm; margin-bottom: .0001pt; font-variant-ligatures: normal; font-variant-caps: normal; orphans: 2; text-align: start; widows: 2; -webkit-text-stroke-width: 0px; word-spacing: 0px;\">Prof. Sa\u00fal L\u00f3pez Torres, Coordinador de Formaci\u00f3n Humana en Preparatoria<\/p>\n<p style=\"margin: 0cm; margin-bottom: .0001pt; font-variant-ligatures: normal; font-variant-caps: normal; orphans: 2; text-align: start; widows: 2; -webkit-text-stroke-width: 0px; word-spacing: 0px;\">Lic. Florentina Franzoni Ojeda, Coordinadora Acad\u00e9mica de Preparatoria<\/p>\n<p style=\"margin: 0cm; margin-bottom: .0001pt; font-variant-ligatures: normal; font-variant-caps: normal; orphans: 2; text-align: start; widows: 2; -webkit-text-stroke-width: 0px; word-spacing: 0px;\">Lic. Lizbeth Pav\u00f3n \u00c1lvarez, Coordinadora de Rob\u00f3tica en Primaria<\/p>\n<p style=\"margin: 0cm; margin-bottom: .0001pt; font-variant-ligatures: normal; font-variant-caps: normal; orphans: 2; text-align: start; widows: 2; -webkit-text-stroke-width: 0px; word-spacing: 0px;\">Lic. Rosa Escobar N\u00e1jera, Coordinadora de Servicios Escolares<\/p>\n<p style=\"margin: 0cm; margin-bottom: .0001pt; font-variant-ligatures: normal; font-variant-caps: normal; orphans: 2; text-align: start; widows: 2; -webkit-text-stroke-width: 0px; word-spacing: 0px;\">C.P. Carlos Portocarrero V\u00e1zquez, Coordinador Administrativo<\/p>\n<p style=\"margin: 0cm; margin-bottom: .0001pt; font-variant-ligatures: normal; font-variant-caps: normal; orphans: 2; text-align: start; widows: 2; -webkit-text-stroke-width: 0px; word-spacing: 0px;\">Lic. \u00c9rika Liliana \u00c1lvarez Mac\u00edas, Coordinadora Acad\u00e9mica General<\/p>\n<p style=\"margin: 0cm; margin-bottom: .0001pt; font-variant-ligatures: normal; font-variant-caps: normal; orphans: 2; text-align: start; widows: 2; -webkit-text-stroke-width: 0px; word-spacing: 0px;\">Ing. Alejandro Zepeda Elizalde, Coordinador de Sistemas<\/p>\n<p style=\"margin: 0cm; margin-bottom: .0001pt; font-variant-ligatures: normal; font-variant-caps: normal; orphans: 2; text-align: start; widows: 2; -webkit-text-stroke-width: 0px; word-spacing: 0px;\">Sr. David Valadez D\u00edaz, Coordinador de Mantenimiento<\/p>\n<p style=\"margin: 0cm; margin-bottom: .0001pt; font-variant-ligatures: normal; font-variant-caps: normal; orphans: 2; text-align: start; widows: 2; -webkit-text-stroke-width: 0px; word-spacing: 0px;\">Sr. Adri\u00e1n Mart\u00ednez Castro, Coordinador de Seguridad<\/p>\n","protected":false},"excerpt":{"rendered":"<p>Comit\u00e9 Organizador Local Comit\u00e9\u00a0Directivo Lic.\u00a0Marco Aurelio Gonz\u00e1lez Cervantes, Director General MDH. Jos\u00e9 Manuel Noriega Giron\u00e9s, Director de Preparatoria Prof. Gerardo Manuel Jim\u00e9nez Alonso, Director de Secundaria Matutina Prof. Isaac S\u00e1nchez Medina, Director de Secundaria Vespertina Lic. Andr\u00e9s Anaya Mar\u00edn, Director de Primaria Lic. Laura Estela Mu\u00f1oz Garc\u00eda, Directora de Preescolar &nbsp; Comit\u00e9 Ejecutivo Presidenta Lic. [&hellip;]<\/p>\n","protected":false},"author":1,"featured_media":0,"parent":0,"menu_order":0,"comment_status":"closed","ping_status":"closed","template":"","meta":[],"_links":{"self":[{"href":"https:\/\/www.femexrobotica.org\/tmr2017\/wp-json\/wp\/v2\/pages\/16"}],"collection":[{"href":"https:\/\/www.femexrobotica.org\/tmr2017\/wp-json\/wp\/v2\/pages"}],"about":[{"href":"https:\/\/www.femexrobotica.org\/tmr2017\/wp-json\/wp\/v2\/types\/page"}],"author":[{"embeddable":true,"href":"https:\/\/www.femexrobotica.org\/tmr2017\/wp-json\/wp\/v2\/users\/1"}],"replies":[{"embeddable":true,"href":"https:\/\/www.femexrobotica.org\/tmr2017\/wp-json\/wp\/v2\/comments?post=16"}],"version-history":[{"count":14,"href":"https:\/\/www.femexrobotica.org\/tmr2017\/wp-json\/wp\/v2\/pages\/16\/revisions"}],"predecessor-version":[{"id":690,"href":"https:\/\/www.femexrobotica.org\/tmr2017\/wp-json\/wp\/v2\/pages\/16\/revisions\/690"}],"wp:attachment":[{"href":"https:\/\/www.femexrobotica.org\/tmr2017\/wp-json\/wp\/v2\/media?parent=16"}],"curies":[{"name":"wp","href":"https:\/\/api.w.org\/{rel}","templated":true}]}}